{"id":93,"date":"2020-08-11T14:56:19","date_gmt":"2020-08-11T17:56:19","guid":{"rendered":"http:\/\/localhost\/HTDOCS\/safa\/web\/?page_id=93"},"modified":"2020-09-18T12:08:30","modified_gmt":"2020-09-18T15:08:30","slug":"nuestra-historia-2","status":"publish","type":"page","link":"https:\/\/safacasilda.com\/web2\/nuestra-historia-2\/","title":{"rendered":"COLEGIO"},"content":{"rendered":"<p>[et_pb_section fb_built=\u00bb1&#8243; custom_padding_last_edited=\u00bbon|desktop\u00bb admin_label=\u00bbHeader\u00bb _builder_version=\u00bb4.5.6&#8243; use_background_color_gradient=\u00bbon\u00bb background_color_gradient_start=\u00bb#ffffff\u00bb background_color_gradient_end=\u00bb#F2F2F2&#8243; background_enable_image=\u00bboff\u00bb background_size=\u00bbcontain\u00bb background_position=\u00bbtop_right\u00bb custom_padding=\u00bb38px||||false|false\u00bb custom_padding_tablet=\u00bb140px|0px|50px|0px|false|false\u00bb custom_padding_phone=\u00bb120px|||\u00bb][et_pb_row _builder_version=\u00bb3.25&#8243; max_width=\u00bb1280px\u00bb use_custom_width=\u00bbon\u00bb custom_width_px=\u00bb1280px\u00bb width=\u00bb83.7%\u00bb][et_pb_column type=\u00bb4_4&#8243; _builder_version=\u00bb3.25&#8243; custom_padding=\u00bb|||\u00bb custom_padding__hover=\u00bb|||\u00bb][et_pb_text _builder_version=\u00bb3.27.4&#8243; text_font=\u00bb||||||||\u00bb text_font_size=\u00bb18px\u00bb text_line_height=\u00bb2em\u00bb header_font=\u00bbEB Garamond||||||||\u00bb header_font_size=\u00bb60px\u00bb header_line_height=\u00bb1.3em\u00bb max_width=\u00bb600px\u00bb text_font_size_tablet=\u00bb\u00bb text_font_size_phone=\u00bb15px\u00bb text_font_size_last_edited=\u00bbon|phone\u00bb text_line_height_tablet=\u00bb\u00bb text_line_height_phone=\u00bb1.6em\u00bb text_line_height_last_edited=\u00bbon|phone\u00bb header_font_size_tablet=\u00bb50px\u00bb header_font_size_phone=\u00bb32px\u00bb header_font_size_last_edited=\u00bbon|phone\u00bb]<\/p>\n<h1>COLEGIO<\/h1>\n<p>[\/et_pb_text][et_pb_text _builder_version=\u00bb4.5.6&#8243; _module_preset=\u00bbdefault\u00bb hover_enabled=\u00bb0&#8243; custom_padding=\u00bb|0px||||\u00bb custom_margin=\u00bb|-10px||||\u00bb width=\u00bb99.4%\u00bb]<\/p>\n<p><span style=\"font-weight: 400;\">RESE\u00d1A HIST\u00d3RICA. Escuela N\u00ba 8180 \u201cSagrada Familia\u201d<\/span><\/p>\n<p>&nbsp;<\/p>\n<p style=\"text-align: justify;\">Corr\u00eda la segunda mitad de la d\u00e9cada del sesenta, la d\u00e9cada m\u00e1s rica de la historia de este\u00a0siglo.\u00a0 Casilda bien provista de todo lo que a nivel cultural y educativo pareciera necesitar, pero\u00a0el Padre Carlos de Gaetano Gin\u00e9s percib\u00eda una carencia: la presencia educadora de la Iglesia\u00a0en la formaci\u00f3n de los futuros t\u00e9cnicos y auxiliares que la industria local necesitaba. Transmite\u00a0su inquietud al Centro de Hombres de la Acci\u00f3n Cat\u00f3lica. Inmediatamente se constituye la\u00a0comisi\u00f3n Pro-Escuela T\u00e9cnica de Casilda integrada por: Emilio Tosticarelli (VicePresidente 12);\u00a0los ingenieros Carlos L\u00f3pez, Ricardo Torresi y el Sr.\u00a0 Francisco Beltr\u00e1n (Presidente).\u00a0A pocos metros de la Plaza Mayor de la ciudad y en diagonal con la Iglesia\u00a0 San Pedro se\u00a0encontraba abandonada la aristocr\u00e1tica Villa Italiana de la Familia Casado.<\/p>\n<p style=\"text-align: justify;\">En subasta p\u00fablica se liquidaban los bienes de la sucesi\u00f3n de Don Carlos Casado, parte de los\u00a0inmuebles pasaron al Arzobispado de Rosario, en car\u00e1cter de donaci\u00f3n para una obra\u00a0educativa de Casilda, los dem\u00e1s fueron adquiridos por particulares.<\/p>\n<p style=\"text-align: justify;\">Corr\u00eda el a\u00f1o 1967 cuando un grupo de hombres se dispusieron a trabajar.\u00a0 Todo se fue\u00a0armando a costa de sacrificios, con los pesos que se iban juntando de la comisi\u00f3n de obras\u00a0parroquiales: ferias de San Pedro, donaciones conseguidas por el Rvdo Cura P\u00e1rroco Carlos\u00a0de Gaetano Gin\u00e9s, Rotary Club, etc. El Sr.\u00a0 Emilio Tosticarelli, dirigi\u00f3 la obra\u00a0desinteresadamente.<\/p>\n<p style=\"text-align: justify;\">La Sra.\u00a0 Carmen Latorre de Micheletti don\u00f3 un terreno, ocupado por la antigua f\u00e1brica de fideos\u00a0cuyo predio linda\u00a0 con el que ocupa actualmente el colegio.<\/p>\n<p style=\"text-align: justify;\">En los \u00faltimos d\u00edas de enero ya estaba habitable la vivienda, aunque una enorme trinchera de\u00a0escombros quedaba como mudo testigo de la gran batalla librada; Casilda ya ten\u00eda un precario\u00a0edificio para la futura Escuela T\u00e9cnica.\u00a0Gracias a la gesti\u00f3n mediadora del Hermano Juvenal Faussone, Director del Colegio Gabriel\u00a0Tabor\u00edn de C\u00f3rdoba, se logra de la Congregaci\u00f3n de los Hermanos de la Sagrada Familia, la\u00a0formal promesa de hacerse cargo de la Escuela T\u00e9cnica que hab\u00eda de nacer.<\/p>\n<p style=\"text-align: justify;\">Elegidos por la obediencia religiosa, e impulsados por el entusiasmo juvenil y celo de\u00a0educadores cristianos, parten para su nuevo destino la peque\u00f1a comunidad fundadora\u00a0constituida por los Hermanos Rogelio Campos y Jorge Pastrana, en los primeros d\u00edas del mes\u00a0de febrero.<\/p>\n<p style=\"text-align: justify;\">Cuentan los mismos protagonistas que al llegar al actual acceso de la calle Estanislao\u00a0Zeballos, \u00e9sta estaba totalmente bloqueada y para poder franquear su ingreso debieron saltar\u00a0por encima de una precaria empalizada.<\/p>\n<p style=\"text-align: justify;\">Con toda celeridad, estos dos j\u00f3venes religiosos se dieron a la ardua tarea de despejar el\u00a0campo circundante y amoblar el establecimiento.<\/p>\n<p style=\"text-align: justify;\">De C\u00f3rdoba y mediante el aporte de otros colegios, llegaron bancos y muebles.\u00a0El Colegio San Jos\u00e9 de Rosario brind\u00f3 asesoramiento t\u00e9cnico y organizativo, enviando\u00a0personal calificado para colaborar en el funcionamiento de los talleres y un grupo de docentes\u00a0casildenses ofrecieron, generosa y desinteresadamente, sus servicios para el dictado de\u00a0clases.<\/p>\n<p style=\"text-align: justify;\">El 1 de Marzo de 1968, constituye una fecha important\u00edsima en la vida del colegio: con toda\u00a0solemnidad se bendec\u00edan las instalaciones y oficialmente quedaba inaugurado el nuevo\u00a0Instituto T\u00e9cnico Sagrada Familia.<\/p>\n<p style=\"text-align: justify;\">Cincuenta alumnos acompa\u00f1ados de sus padres, y con la presencia de altas autoridades de la\u00a0comunidad casildense, iniciaban all\u00ed su primer a\u00f1o de estudios.<\/p>\n<p style=\"text-align: justify;\">En el transcurso de la ceremonia inaugural, el Padre Carlos de Gaetano Gin\u00e9s, hizo entrega\u00a0del local al Superior Provincial de los Hermanos de la Sagrada Familia, Hno. El\u00edseo Marlasca,\u00a0transfiriendo no solamente su gesti\u00f3n, sino tambi\u00e9n todos los bienes inmuebles del naciente\u00a0Instituto.<\/p>\n<p style=\"text-align: justify;\">La Comisi\u00f3n resolvi\u00f3 denominar al paraninfo principal del colegio con el nombre de\u00a0 Carlos\u00a0Casado del\u00a0 Alisal.<\/p>\n<p style=\"text-align: justify;\">Los alumnos deb\u00edan ingresar con el sexto grado aprobado.\u00a0 La ense\u00f1anza por la ma\u00f1ana era\u00a0te\u00f3rica; por la tarde pr\u00e1ctica y de estudios controlados.<\/p>\n<p style=\"text-align: justify;\">Leopoldo Chizzini Melo, subsecretario de Educaci\u00f3n de la provincia, en aquel entonces; hab\u00eda\u00a0recibido la informaci\u00f3n correspondiente sobre el nivel de ense\u00f1anza.<\/p>\n<p style=\"text-align: justify;\">S\u00ed esta obra es del Hombre, perecer\u00e1, pero s\u00ed es obra de Dios, \u00c9l har\u00e1 prosperar.\u00a0\u00a0<\/p>\n<p style=\"text-align: justify;\">Hno.Gabriel Taborin<\/p>\n<p style=\"text-align: justify;\">El 29 de Abril de 1968 la Municipalidad de Casilda decreta:<\/p>\n<p style=\"text-align: justify;\">Art. 1\u00ba : Decl\u00e1rese Hu\u00e9spedes de Honor de la ciudad de Casilda al Representante del\u00a0Excelent\u00edsimo Gobernador de la provincia de Santa Fe, Dr. Alberto Molinas (H), Presidente del\u00a0Consejo Gral. de Establecimientos de\u00a0 Ense\u00f1anza Privada.<\/p>\n<p style=\"text-align: justify;\">al Sr.\u00a0 Arzobispo de Rosario Dr. Guillermo Bolatti.<\/p>\n<p style=\"text-align: justify;\">al Rvdo.\u00a0 Superior Provincial Hno.\u00a0 Eliseo<\/p>\n<p style=\"text-align: justify;\">al Rvdo.\u00a0 Vice Provincial Hno.\u00a0 Juvenal.<\/p>\n<p style=\"text-align: justify;\">Hnos. Reverendos Romualdo; Juan; Juan Oxoby; Carlos; Bernab\u00e9 y dem\u00e1s representantes.<\/p>\n<p style=\"text-align: justify;\">5 de Mayo de 1968<\/p>\n<p style=\"text-align: justify;\">Bendici\u00f3n de la capilla: Madrina: Hortensia Sabattini de Raffo (donante del local)\u00a0El plan de estudios era el mismo del Consejo Nacional de Educaci\u00f3n T\u00e9cnica.<\/p>\n<p style=\"text-align: justify;\">Esquema General.<\/p>\n<p style=\"text-align: justify;\">Ciclo Superior.- Se egresaba con el t\u00edtulo de: T\u00e9cnico Nacional pudiendo ingresar a la\u00a0Universidad. Especialidad del Ciclo Superior: Electro-mec\u00e1nico.\u00a0<\/p>\n<p style=\"text-align: justify;\">Durante el periodo 1968 &#8211; 2000 nuestra escuela sufre cambios patronales. En sus or\u00edgenes en\u00a0manos de \u00abLa Congregaci\u00f3n de los Hermanos de la Sagrada Familia\u00bb y a partir de 1991, del\u00a0Arzobispado de Rosario. En el a\u00f1o 1993 nuestra escuela fue transferida desde Naci\u00f3n a\u00a0Provincia.<\/p>\n<p style=\"text-align: justify;\">Por decisi\u00f3n jurisdiccional, para la Ense\u00f1anza de la educaci\u00f3n T\u00e9cnica Profesional. Seg\u00fan\u00a0Resoluci\u00f3n 69\/11.<\/p>\n<p style=\"text-align: justify;\">\n<p style=\"text-align: justify;\"><span style=\"font-size: 14px; text-align: left;\"><\/span><\/p>\n<p>[\/et_pb_text][et_pb_gallery gallery_ids=\u00bb568,569,570,571,572,573,574,575&#8243; show_title_and_caption=\u00bboff\u00bb _builder_version=\u00bb4.5.6&#8243; _module_preset=\u00bbdefault\u00bb][\/et_pb_gallery][\/et_pb_column][\/et_pb_row][\/et_pb_section]<\/p>\n","protected":false},"excerpt":{"rendered":"<p>[et_pb_section fb_built=\u00bb1&#8243; custom_padding_last_edited=\u00bbon|desktop\u00bb admin_label=\u00bbHeader\u00bb _builder_version=\u00bb4.5.6&#8243; use_background_color_gradient=\u00bbon\u00bb background_color_gradient_start=\u00bb#ffffff\u00bb background_color_gradient_end=\u00bb#F2F2F2&#8243; background_enable_image=\u00bboff\u00bb background_size=\u00bbcontain\u00bb background_position=\u00bbtop_right\u00bb custom_padding=\u00bb38px||||false|false\u00bb custom_padding_tablet=\u00bb140px|0px|50px|0px|false|false\u00bb custom_padding_phone=\u00bb120px|||\u00bb][et_pb_row _builder_version=\u00bb3.25&#8243; max_width=\u00bb1280px\u00bb use_custom_width=\u00bbon\u00bb custom_width_px=\u00bb1280px\u00bb width=\u00bb83.7%\u00bb][et_pb_column type=\u00bb4_4&#8243; _builder_version=\u00bb3.25&#8243; custom_padding=\u00bb|||\u00bb custom_padding__hover=\u00bb|||\u00bb][et_pb_text _builder_version=\u00bb3.27.4&#8243; text_font=\u00bb||||||||\u00bb text_font_size=\u00bb18px\u00bb text_line_height=\u00bb2em\u00bb header_font=\u00bbEB Garamond||||||||\u00bb header_font_size=\u00bb60px\u00bb header_line_height=\u00bb1.3em\u00bb max_width=\u00bb600px\u00bb text_font_size_tablet=\u00bb\u00bb text_font_size_phone=\u00bb15px\u00bb text_font_size_last_edited=\u00bbon|phone\u00bb text_line_height_tablet=\u00bb\u00bb text_line_height_phone=\u00bb1.6em\u00bb text_line_height_last_edited=\u00bbon|phone\u00bb header_font_size_tablet=\u00bb50px\u00bb header_font_size_phone=\u00bb32px\u00bb header_font_size_last_edited=\u00bbon|phone\u00bb] COLEGIO [\/et_pb_text][et_pb_text _builder_version=\u00bb4.5.6&#8243; _module_preset=\u00bbdefault\u00bb hover_enabled=\u00bb0&#8243; custom_padding=\u00bb|0px||||\u00bb custom_margin=\u00bb|-10px||||\u00bb width=\u00bb99.4%\u00bb] RESE\u00d1A HIST\u00d3RICA. Escuela N\u00ba 8180 \u201cSagrada [&hellip;]<\/p>\n","protected":false},"author":1,"featured_media":0,"parent":0,"menu_order":0,"comment_status":"closed","ping_status":"closed","template":"","meta":{"_et_pb_use_builder":"on","_et_pb_old_content":"","_et_gb_content_width":"","footnotes":""},"class_list":["post-93","page","type-page","status-publish","hentry"],"_links":{"self":[{"href":"https:\/\/safacasilda.com\/web2\/wp-json\/wp\/v2\/pages\/93","targetHints":{"allow":["GET"]}}],"collection":[{"href":"https:\/\/safacasilda.com\/web2\/wp-json\/wp\/v2\/pages"}],"about":[{"href":"https:\/\/safacasilda.com\/web2\/wp-json\/wp\/v2\/types\/page"}],"author":[{"embeddable":true,"href":"https:\/\/safacasilda.com\/web2\/wp-json\/wp\/v2\/users\/1"}],"replies":[{"embeddable":true,"href":"https:\/\/safacasilda.com\/web2\/wp-json\/wp\/v2\/comments?post=93"}],"version-history":[{"count":10,"href":"https:\/\/safacasilda.com\/web2\/wp-json\/wp\/v2\/pages\/93\/revisions"}],"predecessor-version":[{"id":682,"href":"https:\/\/safacasilda.com\/web2\/wp-json\/wp\/v2\/pages\/93\/revisions\/682"}],"wp:attachment":[{"href":"https:\/\/safacasilda.com\/web2\/wp-json\/wp\/v2\/media?parent=93"}],"curies":[{"name":"wp","href":"https:\/\/api.w.org\/{rel}","templated":true}]}}