{"id":74,"date":"2020-08-11T14:43:35","date_gmt":"2020-08-11T17:43:35","guid":{"rendered":"http:\/\/localhost\/HTDOCS\/safa\/web\/?page_id=74"},"modified":"2020-09-23T12:29:16","modified_gmt":"2020-09-23T15:29:16","slug":"himno","status":"publish","type":"page","link":"https:\/\/safacasilda.com\/web2\/himno\/","title":{"rendered":"HIMNO"},"content":{"rendered":"<p>[et_pb_section fb_built=\u00bb1&#8243; custom_padding_last_edited=\u00bbon|desktop\u00bb admin_label=\u00bbHeader\u00bb _builder_version=\u00bb4.5.6&#8243; background_enable_image=\u00bboff\u00bb background_size=\u00bbcontain\u00bb background_position=\u00bbtop_right\u00bb custom_padding=\u00bb38px||||false|false\u00bb custom_padding_tablet=\u00bb140px|0px|50px|0px|false|false\u00bb custom_padding_phone=\u00bb120px|||\u00bb][et_pb_row _builder_version=\u00bb3.25&#8243; max_width=\u00bb1280px\u00bb use_custom_width=\u00bbon\u00bb custom_width_px=\u00bb1280px\u00bb][et_pb_column type=\u00bb4_4&#8243; _builder_version=\u00bb3.25&#8243; custom_padding=\u00bb|||\u00bb custom_padding__hover=\u00bb|||\u00bb][et_pb_text _builder_version=\u00bb3.27.4&#8243; text_font=\u00bb||||||||\u00bb text_font_size=\u00bb18px\u00bb text_line_height=\u00bb2em\u00bb header_font=\u00bbEB Garamond||||||||\u00bb header_font_size=\u00bb60px\u00bb header_line_height=\u00bb1.3em\u00bb max_width=\u00bb600px\u00bb text_font_size_tablet=\u00bb\u00bb text_font_size_phone=\u00bb15px\u00bb text_font_size_last_edited=\u00bbon|phone\u00bb text_line_height_tablet=\u00bb\u00bb text_line_height_phone=\u00bb1.6em\u00bb text_line_height_last_edited=\u00bbon|phone\u00bb header_font_size_tablet=\u00bb50px\u00bb header_font_size_phone=\u00bb32px\u00bb header_font_size_last_edited=\u00bbon|phone\u00bb]<\/p>\n<h1>HIMNO<\/h1>\n<p>[\/et_pb_text][et_pb_text _builder_version=\u00bb4.5.6&#8243; _module_preset=\u00bbdefault\u00bb]<\/p>\n<h2 style=\"text-align: center;\"><b><i>Himno al Colegio Sagrada Familia\u00a0 &#8211; \u201cLibros, talleres \u2026 Nazaret\u201d<\/i><\/b><\/h2>\n<p style=\"text-align: center;\"><i><span style=\"font-weight: 400;\">\u00abFue el Padre Gin\u00e9s quien\u00a0 en los sesenta advirti\u00f3<\/span><\/i><\/p>\n<p style=\"text-align: center;\"><i><span style=\"font-weight: 400;\">que Casilda ser\u00eda cuna de esta\u00a0 instituci\u00f3n.<\/span><\/i><\/p>\n<p style=\"text-align: center;\"><i><span style=\"font-weight: 400;\">La fundaron los hermanos con esfuerzo y vocaci\u00f3n<\/span><\/i><\/p>\n<p style=\"text-align: center;\"><i><span style=\"font-weight: 400;\">y entre libros y talleres el origen se forj\u00f3.<\/span><\/i><\/p>\n<p style=\"text-align: center;\"><i><span style=\"font-weight: 400;\">Orgullosos nos sentimos de la Safa nuestro hogar<\/span><\/i><\/p>\n<p style=\"text-align: center;\"><i><span style=\"font-weight: 400;\">Imagen de Nazaret, familia a imitar.<\/span><\/i><\/p>\n<p style=\"text-align: center;\"><b><i>Estribillo<\/i><\/b><\/p>\n<p style=\"text-align: center;\"><i><span style=\"font-weight: 400;\">Tus sue\u00f1os de padre fronteras cruz\u00f3<\/span><\/i><\/p>\n<p style=\"text-align: center;\"><i><span style=\"font-weight: 400;\">t\u00e9cnicos y hermanos form\u00f3 en comuni\u00f3n<\/span><\/i><\/p>\n<p style=\"text-align: center;\"><i><span style=\"font-weight: 400;\">seguimos tu mensaje, Hermano Taborin:<\/span><\/i><\/p>\n<p style=\"text-align: center;\"><i><span style=\"font-weight: 400;\">vivir el Evangelio estilo\u00a0 Nazaret.<\/span><\/i><\/p>\n<p style=\"text-align: center;\"><i><span style=\"font-weight: 400;\">Sagrada es la familia; eterna es tu misi\u00f3n\u00bb.<\/span><\/i><\/p>\n<p style=\"text-align: center;\"><i><span style=\"font-weight: 400;\"><\/span><\/i><\/p>\n<p style=\"text-align: center;\"><i><span style=\"font-weight: 400;\"><\/span><\/i><\/p>\n<p><strong>Letra:<\/strong><\/p>\n<p><span style=\"font-weight: 400;\">Boyero, Mar\u00eda Gabriela<\/span><\/p>\n<p><span style=\"font-weight: 400;\">Marani, Gabriela\u00a0\u00a0<\/span><\/p>\n<p><span style=\"font-weight: 400;\">Pinnella, Patricia\u00a0<\/span><\/p>\n<p><span style=\"font-weight: 400;\">Ruggeri, Gabriela<\/span><\/p>\n<p><strong>M\u00fasica:<\/strong><\/p>\n<p><span style=\"font-weight: 400;\">Gabriel Chiocchia<\/span><\/p>\n<p style=\"text-align: left;\"><i><span style=\"font-weight: 400;\">\u00a0<\/span><\/i><\/p>\n<p><span style=\"font-weight: 400;\">06 de marzo de 2014<\/span><\/p>\n<p style=\"text-align: left;\"><i><span style=\"font-weight: 400;\">\u00a0<\/span><\/i><\/p>\n<p>[\/et_pb_text][et_pb_video src=\u00bbhttps:\/\/www.youtube.com\/watch?v=H0BmPVzYYHE\u00bb play_icon_color=\u00bb#000000&#8243; thumbnail_overlay_color=\u00bbrgba(0,0,0,0.6)\u00bb _builder_version=\u00bb4.5.6&#8243; _module_preset=\u00bbdefault\u00bb][\/et_pb_video][\/et_pb_column][\/et_pb_row][\/et_pb_section]<\/p>\n","protected":false},"excerpt":{"rendered":"<p>[et_pb_section fb_built=\u00bb1&#8243; custom_padding_last_edited=\u00bbon|desktop\u00bb admin_label=\u00bbHeader\u00bb _builder_version=\u00bb4.5.6&#8243; background_enable_image=\u00bboff\u00bb background_size=\u00bbcontain\u00bb background_position=\u00bbtop_right\u00bb custom_padding=\u00bb38px||||false|false\u00bb custom_padding_tablet=\u00bb140px|0px|50px|0px|false|false\u00bb custom_padding_phone=\u00bb120px|||\u00bb][et_pb_row _builder_version=\u00bb3.25&#8243; max_width=\u00bb1280px\u00bb use_custom_width=\u00bbon\u00bb custom_width_px=\u00bb1280px\u00bb][et_pb_column type=\u00bb4_4&#8243; _builder_version=\u00bb3.25&#8243; custom_padding=\u00bb|||\u00bb custom_padding__hover=\u00bb|||\u00bb][et_pb_text _builder_version=\u00bb3.27.4&#8243; text_font=\u00bb||||||||\u00bb text_font_size=\u00bb18px\u00bb text_line_height=\u00bb2em\u00bb header_font=\u00bbEB Garamond||||||||\u00bb header_font_size=\u00bb60px\u00bb header_line_height=\u00bb1.3em\u00bb max_width=\u00bb600px\u00bb text_font_size_tablet=\u00bb\u00bb text_font_size_phone=\u00bb15px\u00bb text_font_size_last_edited=\u00bbon|phone\u00bb text_line_height_tablet=\u00bb\u00bb text_line_height_phone=\u00bb1.6em\u00bb text_line_height_last_edited=\u00bbon|phone\u00bb header_font_size_tablet=\u00bb50px\u00bb header_font_size_phone=\u00bb32px\u00bb header_font_size_last_edited=\u00bbon|phone\u00bb] HIMNO [\/et_pb_text][et_pb_text _builder_version=\u00bb4.5.6&#8243; _module_preset=\u00bbdefault\u00bb] Himno al Colegio Sagrada Familia\u00a0 &#8211; \u201cLibros, talleres \u2026 Nazaret\u201d \u00abFue el Padre Gin\u00e9s [&hellip;]<\/p>\n","protected":false},"author":1,"featured_media":0,"parent":0,"menu_order":0,"comment_status":"closed","ping_status":"closed","template":"","meta":{"_et_pb_use_builder":"on","_et_pb_old_content":"","_et_gb_content_width":"","footnotes":""},"class_list":["post-74","page","type-page","status-publish","hentry"],"_links":{"self":[{"href":"https:\/\/safacasilda.com\/web2\/wp-json\/wp\/v2\/pages\/74","targetHints":{"allow":["GET"]}}],"collection":[{"href":"https:\/\/safacasilda.com\/web2\/wp-json\/wp\/v2\/pages"}],"about":[{"href":"https:\/\/safacasilda.com\/web2\/wp-json\/wp\/v2\/types\/page"}],"author":[{"embeddable":true,"href":"https:\/\/safacasilda.com\/web2\/wp-json\/wp\/v2\/users\/1"}],"replies":[{"embeddable":true,"href":"https:\/\/safacasilda.com\/web2\/wp-json\/wp\/v2\/comments?post=74"}],"version-history":[{"count":7,"href":"https:\/\/safacasilda.com\/web2\/wp-json\/wp\/v2\/pages\/74\/revisions"}],"predecessor-version":[{"id":847,"href":"https:\/\/safacasilda.com\/web2\/wp-json\/wp\/v2\/pages\/74\/revisions\/847"}],"wp:attachment":[{"href":"https:\/\/safacasilda.com\/web2\/wp-json\/wp\/v2\/media?parent=74"}],"curies":[{"name":"wp","href":"https:\/\/api.w.org\/{rel}","templated":true}]}}